{"id":327,"date":"2021-06-02T00:30:35","date_gmt":"2021-06-01T22:30:35","guid":{"rendered":"https:\/\/yoga50plus.de\/?page_id=327"},"modified":"2022-01-17T08:21:55","modified_gmt":"2022-01-17T07:21:55","slug":"datenschutzerklaerung-2","status":"publish","type":"page","link":"https:\/\/www.yoga50plus.de\/en\/datenschutzerklaerung-2\/","title":{"rendered":"Datenschutzerkl\u00e4rung"},"content":{"rendered":"<h1>\n\t\tyoga50plus &#8211; Willem Wittstamm\n\t<\/h1>\n<h4>\n\t\tBecause the Best is Yet to Come!\n\t<\/h4>\n\tHier klicken um den Trenner zu bearbeiten. Dieser Text wird nur im Editor-Modus angezeigt und wird nach dem Ver\u00f6ffentlichen verschwinden.\n\t\t\t\t<img decoding=\"async\" src=\"https:\/\/yoga50plus.de\/wp-content\/uploads\/2021\/05\/pic-207x300.jpg\" alt=\"pic\" itemprop=\"image\" title=\"pic\" onerror=\"this.style.display='none'\"  \/>\n\tWillem Wittstamm<br \/>\nKirchstra\u00dfe 3<br \/>\nD-29459 Clenze, Germany\n<p>Tel. 05844 &#8211; 99 99 9<\/p>\n<p>info@yoga50plus.de<\/p>\n<h2>\n\t\tDatenschutzerkl\u00e4rung\n\t<\/h2>\n\t<p>The following terms inform you about the treatment of your personal data when you visit this website<\/p>\n<p>1. Name und Kontaktdaten des f\u00fcr die Verarbeitung Verantwortlichen<\/p>\n<p>Verantwortlicher:<\/p>\nWillem Wittstamm<br \/>\nKirchstra\u00dfe 3<br \/>\nD-29459 Clenze, Germany<br \/>\nTel. 05844 &#8211; 99 99 9<br \/>\ninfo@yoga50plus.de\n<p>2. Erhebung und Speicherung personenbezogener Daten sowie Art und Zweck von deren Verwendung<\/p>\n<p>a) Logfiles<\/p>\n<p>Beim Aufrufen unserer Website werden durch den auf Ihrem Endger\u00e4t zum Einsatz kommenden Browser automatisch Informationen an den Server unserer Website gesendet. Diese Informationen werden tempor\u00e4r in einem sog. Logfile gespeichert. Folgende Informationen werden dabei ohne Ihr Zutun erfasst und bis zur automatisierten L\u00f6schung nach sp\u00e4testens 4 Tagen gespeichert:<\/p>\n\u2022 Ihre IP-Adresse<br \/>\n\u2022 Datum und Uhrzeit der Anfrage<br \/>\n\u2022 aufgerufene URLs bzw. Dateien<br \/>\n\u2022 die Internetseite, von welcher Sie auf unsere Website gelangen (sog. Referrer-URL)<br \/>\n\u2022 Betriebssystem und Browser, die Sie verwenden<br \/>\n\u2022 Ihr Internet-Service-Provider (\u00fcber den Sie auf unsere Website zugreifen)<br \/>\n\u2022 sonstige \u00e4hnliche Daten und Informationen, die der Gefahrenabwehr im Falle von Angriffen auf unsere informationstechnologischen Systeme\n<p>Die genannten Daten werden durch uns zu folgenden Zwecken verarbeitet:<\/p>\n\u2022 Gew\u00e4hrleistung eines reibungslosen Verbindungsaufbaus der Website,<br \/>\n\u2022 Auswertung der Systemsicherheit und -stabilit\u00e4t<br \/>\n\u2022 Schutz vor Missbrauch und unbefugtem Zugriff\n<p>Die Rechtsgrundlage f\u00fcr die Datenverarbeitung ist Art. 6 Abs. 1 S. 1 lit. f DSGVO. Unser berechtigtes Interesse folgt aus oben aufgelisteten Zwecken zur Datenerhebung. Wir verwenden die erhobenen Daten nicht zu dem Zweck, R\u00fcckschl\u00fcsse auf Ihre Person zu ziehen. Es erfolgt auch keine Zusammenf\u00fchrung dieser Daten mit anderen. Wir behalten uns jedoch vor, die Logfiles nachtr\u00e4glich zu pr\u00fcfen, wenn uns konkrete Anhaltspunkte f\u00fcr eine rechtswidrige Nutzung bekannt werden.<\/p>\n<p>b) Webtracking-Tool Webalizer<\/p>\n<p>Unsere Website nutzt zu Zwecken der statistischen Auswertung der Zugriffe unserer Nutzer die Web-Analysesoftware \u201eWebalizer&#8220;. Webalizer analysiert die unter Ziff. 2. lit. a) aufgef\u00fchrten Verbindungsdaten und erstellt \u00dcbersichten beispielsweise zu den aufgerufenen Seiten und heruntergeladenen Dateien. Rechtsgrundlage f\u00fcr diese Datenverarbeitung ist Art. 6 Abs. 1 S. 1 lit. f DSGVO. Durch diese Art der Webtracking-Analyse wollen wir einerseits eine bedarfsgerechte Gestaltung und die fortlaufende Optimierung unserer Webseite sicherstellen. Andererseits setzen wir die Tracking-Ma\u00dfnahmen ein, um die Nutzung unserer Webseite statistisch zu erfassen und zum Zwecke der Optimierung unseres Angebotes auszuwerten. Diese Interessen sind als berechtigt im Sinne der vorgenannten Vorschrift anzusehen.<\/p>\n<p>Eine Zusammenf\u00fchrung dieser Auswertungen mit anderen Datenquellen, insbesondere mit personenbezogenen Daten, erfolgt nicht. Die durch das Webtracking erzeugten Informationen werden bei unserem Provider in Deutschland gespeichert. Eine Weitergabe an Dritte findet nicht statt.<\/p>\n<p>3. Betroffenenrechte<\/p>\n<p>Werden personenbezogene Daten von Ihnen verarbeitet, sind Sie Betroffener i.S.d. DSGVO und es stehen Ihnen folgende Rechte gegen\u00fcber dem Verantwortlichen zu:<\/p>\n<p>\u2022 gem\u00e4\u00df Art. 15 DSGVO Auskunft \u00fcber Ihre von uns verarbeiteten personenbezogenen Daten zu verlangen. Insbesondere k\u00f6nnen Sie Auskunft \u00fcber die Verarbeitungszwecke, die Kategorie der personenbezogenen Daten, die Kategorien von Empf\u00e4ngern, gegen\u00fcber denen Ihre Daten offengelegt wurden oder werden, die geplante Speicherdauer, das Bestehen eines Rechts auf Berichtigung, L\u00f6schung, Einschr\u00e4nkung der Verarbeitung oder Widerspruch, das Bestehen eines Beschwerderechts, die Herkunft Ihrer Daten, sofern diese nicht bei uns erhoben wurden, sowie \u00fcber das Bestehen einer automatisierten Entscheidungsfindung einschlie\u00dflich Profiling und ggf. aussagekr\u00e4ftigen Informationen zu deren Einzelheiten verlangen;<\/p>\n<p>\u2022 gem\u00e4\u00df Art. 16 DSGVO unverz\u00fcglich die Berichtigung unrichtiger oder Vervollst\u00e4ndigung Ihrer bei uns gespeicherten personenbezogenen Daten zu verlangen;<\/p>\n<p>\u2022 gem\u00e4\u00df Art. 17 DSGVO die L\u00f6schung Ihrer bei uns gespeicherten personenbezogenen Daten zu verlangen, soweit nicht die Verarbeitung zur Aus\u00fcbung des Rechts auf freie Meinungs\u00e4u\u00dferung und Information, zur Erf\u00fcllung einer rechtlichen Verpflichtung, aus Gr\u00fcnden des \u00f6ffentlichen Interesses<\/p>\n<p>oder zur Geltendmachung, Aus\u00fcbung oder Verteidigung von Rechtsanspr\u00fcchen erforderlich ist;<\/p>\n<p>\u2022 gem\u00e4\u00df Art. 18 DSGVO die Einschr\u00e4nkung der Verarbeitung Ihrer personenbezogenen Daten zu verlangen, soweit die Richtigkeit der Daten von Ihnen bestritten wird, die Verarbeitung unrechtm\u00e4\u00dfig ist, die aber deren L\u00f6schung ablehnen und wir die Daten nicht mehr ben\u00f6tigen, Sie jedoch diese zur Geltendmachung, Aus\u00fcbung oder Verteidigung von Rechtsanspr\u00fcchen ben\u00f6tigen oder Sie gem\u00e4\u00df Art. 21 DSGVO Widerspruch gegen die Verarbeitung eingelegt haben;<\/p>\n<p>\u2022 gem\u00e4\u00df Art. 20 DSGVO Ihre personenbezogenen Daten, die Sie uns bereitgestellt haben, in einem strukturierten, g\u00e4ngigen und maschinenlesebaren Format zu erhalten oder die \u00dcbermittlung an einen anderen Verantwortlichen zu verlangen;<\/p>\n<p>\u2022 gem\u00e4\u00df Art. 7 Abs. 3 DSGVO Ihre einmal erteilte Einwilligung jederzeit gegen\u00fcber uns zu widerrufen. Dies hat zur Folge, dass wir die Datenverarbeitung, die auf dieser Einwilligung beruhte, f\u00fcr die Zukunft nicht mehr fortf\u00fchren d\u00fcrfen. Durch den Widerruf der Einwilligung wird die Rechtm\u00e4\u00dfigkeit der aufgrund der Einwilligung bis zum Widerruf erfolgten Verarbeitung nicht ber\u00fchrt;<\/p>\n<p>\u2022 gem\u00e4\u00df Art. 77 DSGVO sich bei einer Aufsichtsbeh\u00f6rde zu beschweren. In der Regel k\u00f6nnen Sie sich hierf\u00fcr an die Aufsichtsbeh\u00f6rde Ihres \u00fcblichen Aufenthaltsortes oder Arbeitsplatzes oder unseres Unternehmenssitzes wenden.<\/p>\n<p>4. Widerspruchsrecht<\/p>\n<p>Sie haben gem\u00e4\u00df Art. 21 Abs. 1 DSGVO das Recht, aus Gr\u00fcnden, die sich aus ihrer besonderen Situation ergeben, jederzeit gegen eine Verarbeitung Sie betreffender personenbezogener Daten, die aufgrund von Art. 6 Abs. 1 lit. f DSGVO erfolgt, Widerspruch einzulegen; dies gilt auch f\u00fcr ein auf diese Bestimmung gest\u00fctztes Profiling. Bei Aus\u00fcbung dieses Widerspruchs haben Sie uns Ihre pers\u00f6nlichen Gr\u00fcnde darzulegen, weshalb wir Ihre personenbezogenen Daten nicht verarbeiten sollten. Wir werden Ihren Widerspruch pr\u00fcfen und entweder die Datenverarbeitung einstellen bzw. anpassen oder Ihnen zwingende, schutzw\u00fcrdige Gr\u00fcnde unsererseits aufzeigen, aufgrund derer wir die Verarbeitung fortf\u00fchren d\u00fcrfen.<\/p>\n<p>Werden Sie betreffende personenbezogene Daten auf Grundlage des Art. 6 Abs. 1 lit. f DSGVO verarbeitet, um Direktwerbung zu betreiben &#8211; was auf unserer Website jedoch nicht der Fall ist &#8211; haben Sie gem\u00e4\u00df Art. 21 Abs. 2 DSGVO das Recht, jederzeit ohne Angabe von Gr\u00fcnden Widerspruch gegen die Verarbeitung der Sie betreffenden personenbezogenen Daten zum Zwecke derartiger Werbung einzulegen; dies gilt auch f\u00fcr das Profiling, soweit es mit solcher Direktwerbung in Verbindung steht. Widersprechen Sie der Verarbeitung f\u00fcr Zwecke der Direktwerbung, so werden wir die Sie betreffenden personenbezogenen Daten nicht mehr f\u00fcr diese Zwecke verarbeiten.<\/p>\n<p>Zur Aus\u00fcbung Ihres Widerspruchsrechts gen\u00fcgt eine E-Mail an willem@yoga50plus.de.<\/p>\n<p>5. Stand und \u00c4nderung dieser Datenschutzbestimmungen<\/p>\n<p>Diese Datenschutzbestimmungen sind aktuell g\u00fcltig und wurden zuletzt aktualisiert im Mai 2021.<\/p>","protected":false},"excerpt":{"rendered":"<p>yoga50plus &#8211; Willem Wittstamm Lebenslust und Spannkraft f\u00fcr Alle! Hier klicken um den Trenner zu bearbeiten. Dieser Text wird nur im Editor-Modus angezeigt und wird nach dem Ver\u00f6ffentlichen verschwinden. Willem Wittstamm Kirchstra\u00dfe 3 29459 Clenze Tel. 05844 &#8211; 99 99 9 willem@yoga50plus.de Datenschutzerkl\u00e4rung Die folgenden Bestimmungen zum Datenschutz informieren Sie \u00fcber die Verarbeitung personenbezogener Daten&hellip;<\/p>","protected":false},"author":1,"featured_media":0,"parent":0,"menu_order":0,"comment_status":"closed","ping_status":"closed","template":"","meta":{"footnotes":""},"class_list":["post-327","page","type-page","status-publish","hentry"],"_links":{"self":[{"href":"https:\/\/www.yoga50plus.de\/en\/wp-json\/wp\/v2\/pages\/327","targetHints":{"allow":["GET"]}}],"collection":[{"href":"https:\/\/www.yoga50plus.de\/en\/wp-json\/wp\/v2\/pages"}],"about":[{"href":"https:\/\/www.yoga50plus.de\/en\/wp-json\/wp\/v2\/types\/page"}],"author":[{"embeddable":true,"href":"https:\/\/www.yoga50plus.de\/en\/wp-json\/wp\/v2\/users\/1"}],"replies":[{"embeddable":true,"href":"https:\/\/www.yoga50plus.de\/en\/wp-json\/wp\/v2\/comments?post=327"}],"version-history":[{"count":0,"href":"https:\/\/www.yoga50plus.de\/en\/wp-json\/wp\/v2\/pages\/327\/revisions"}],"wp:attachment":[{"href":"https:\/\/www.yoga50plus.de\/en\/wp-json\/wp\/v2\/media?parent=327"}],"curies":[{"name":"wp","href":"https:\/\/api.w.org\/{rel}","templated":true}]}}